{"id":112,"date":"2012-09-18T20:48:27","date_gmt":"2012-09-18T19:48:27","guid":{"rendered":"http:\/\/lived-space-lab.org\/livedspacelab\/?page_id=112"},"modified":"2013-02-27T12:53:53","modified_gmt":"2013-02-27T11:53:53","slug":"about","status":"publish","type":"page","link":"https:\/\/www.subsolar.net\/schnittstellen\/about\/","title":{"rendered":"projektbeschreibung"},"content":{"rendered":"<p style=\"text-align: left;\"><strong>Schnittstellen Lichtenberg<\/strong><\/p>\n<p style=\"text-align: left;\">FORSCHUNGSSEMINAR AM IGTG DER UDK BERLIN, SOMMERSEMESTER 2011<\/p>\n<p style=\"text-align: left;\">Im Rahmen des Seminars wurden anhand eines konkreten Quartiers, des\u00a0 Sanierungsgebietes \u201eFrankfurter Allee Nord\u201c in Lichtenberg, stadtr\u00e4umliche Qualit\u00e4ten untersucht, erfasst und kartographisch dokumentiert.<br \/>\nEntlang von drei langen Schnitt-Linien durch das Gebiet wurden &#8211; in Anlehnung an die Struktur des \u201egelebten Raumes\u201c der Ph\u00e4nomenologie &#8211; drei Kategorien gebildet, anhand derer leiblich-situative Qualit\u00e4ten des Raumes erfasst und beschrieben werden k\u00f6nnen. Zu diesen Qualit\u00e4ten geh\u00f6ren atmosph\u00e4rische, performative und panoramatische Aspekte, die zwar die g\u00e4ngigen Kategorien der st\u00e4dtebaulichen Analyse nicht ersetzen, aber, so die These, entscheidend bereichern k\u00f6nnen.<br \/>\nEin wichtiger Schritt im Rahmen des Seminars war die gemeinsame Entwicklung kartographischer Methoden, die geeignet sind, um die entdeckten Qualit\u00e4ten zu kommunizieren: Denn erst dann, wenn es gelingt, die unterschiedlichen Perspektiven auf &#8222;den&#8220; st\u00e4dtischen Raum in eine gemeinsame Sprache (oder, wie hier, in eine gemeinsame Karte) zu \u00fcberf\u00fchren, kann auch \u00fcber deren Entwicklung gesprochen werden.<\/p>\n<p style=\"text-align: left;\">&gt; zu den einzelnen <a title=\"NOTATIONEN\" href=\"http:\/\/www.subsolar.net\/schnittstellen\/category\/notationen\/\">Notationen<\/a><\/p>\n<p style=\"text-align: left;\">&gt; zur gemeinsamen <a href=\"http:\/\/www.subsolar.net\/schnittstellen\/karte\/\">Karte<\/a><\/p>\n<p style=\"text-align: left;\">&gt; zum <a href=\"http:\/\/www.subsolar.net\/schnittstellen\/dokumentation\/\">Schnittstellen-Atlas<\/a><\/p>\n<p style=\"text-align: left;\">&gt; zum <a href=\"http:\/\/www.lived-space-lab.org\">lived\/space\/lab<\/a><\/p>\n","protected":false},"excerpt":{"rendered":"<p>Schnittstellen Lichtenberg FORSCHUNGSSEMINAR AM IGTG DER UDK BERLIN, SOMMERSEMESTER 2011 Im Rahmen des Seminars wurden anhand eines konkreten Quartiers, des\u00a0 Sanierungsgebietes \u201eFrankfurter Allee Nord\u201c in Lichtenberg, stadtr\u00e4umliche Qualit\u00e4ten untersucht, erfasst und kartographisch dokumentiert. Entlang von drei langen Schnitt-Linien durch das Gebiet wurden &#8211; in Anlehnung an die Struktur des \u201egelebten Raumes\u201c der Ph\u00e4nomenologie &#8211; drei [&hellip;]<\/p>\n","protected":false},"author":1,"featured_media":0,"parent":0,"menu_order":0,"comment_status":"closed","ping_status":"closed","template":"","meta":{"footnotes":""},"class_list":["post-112","page","type-page","status-publish","hentry"],"_links":{"self":[{"href":"https:\/\/www.subsolar.net\/schnittstellen\/wp-json\/wp\/v2\/pages\/112","targetHints":{"allow":["GET"]}}],"collection":[{"href":"https:\/\/www.subsolar.net\/schnittstellen\/wp-json\/wp\/v2\/pages"}],"about":[{"href":"https:\/\/www.subsolar.net\/schnittstellen\/wp-json\/wp\/v2\/types\/page"}],"author":[{"embeddable":true,"href":"https:\/\/www.subsolar.net\/schnittstellen\/wp-json\/wp\/v2\/users\/1"}],"replies":[{"embeddable":true,"href":"https:\/\/www.subsolar.net\/schnittstellen\/wp-json\/wp\/v2\/comments?post=112"}],"version-history":[{"count":27,"href":"https:\/\/www.subsolar.net\/schnittstellen\/wp-json\/wp\/v2\/pages\/112\/revisions"}],"predecessor-version":[{"id":350,"href":"https:\/\/www.subsolar.net\/schnittstellen\/wp-json\/wp\/v2\/pages\/112\/revisions\/350"}],"wp:attachment":[{"href":"https:\/\/www.subsolar.net\/schnittstellen\/wp-json\/wp\/v2\/media?parent=112"}],"curies":[{"name":"wp","href":"https:\/\/api.w.org\/{rel}","templated":true}]}}